{"id":5968,"date":"2024-11-12T16:30:07","date_gmt":"2024-11-12T14:30:07","guid":{"rendered":"https:\/\/www.mediterraneagira.com\/ex\/guardianes-del-corazon-de-la-tierra\/"},"modified":"2025-05-06T15:32:32","modified_gmt":"2025-05-06T13:32:32","slug":"guardianes-del-corazon-de-la-tierra","status":"publish","type":"ex","link":"\/es\/ex\/guardianes-del-corazon-de-la-tierra\/","title":{"rendered":"Guardianes del coraz\u00f3n de la tierra"},"content":{"rendered":"","protected":false},"excerpt":{"rendered":"","protected":false},"author":1,"featured_media":0,"comment_status":"closed","ping_status":"closed","template":"","categories":[],"class_list":["post-5968","ex","type-ex","status-publish","hentry"],"acf":{"txt_synopsis":"La geograf\u00eda es pol\u00edtica. Txana Bane, de la comunidad huni kuin (\u2018la gente de la tierra\u2019, en su lengua), naci\u00f3 en el coraz\u00f3n de la selva amaz\u00f3nica, y es nieto e hijo de militantes destacados en la lucha por los derechos ind\u00edgenas. Bane es un txana, alguien que cura a trav\u00e9s de la m\u00fasica y las canciones sagradas. Su vida discurre entre Alemania, de donde es originaria su compa\u00f1era, y la comunidad que han fundado juntos en el territorio de Huni Kuin, a las orillas del r\u00edo Tarauac\u00e1, en el estado de Acre. Bane es un puente viviente entre culturas que lucha en el campo del activismo ecol\u00f3gico y divulga la cultura milenaria de los huni kuin: una visi\u00f3n que parte de un v\u00ednculo muy poderoso con la naturaleza y, en concreto, con la selva amaz\u00f3nica.\r\n\r\nLa Conquesta Del Pol Sud vuelve a fusionar investigaci\u00f3n period\u00edstica y esc\u00e9nica en un espect\u00e1culo apasionante. Gabriela Olivera, acr\u00f3bata y bailarina de origen peruano residente en Catalu\u00f1a, participa tambi\u00e9n en este testimonio sobre las relaciones entre el capitalismo, el colonialismo y la crisis ecol\u00f3gica global.\r\n\r\n\u00bfD\u00f3nde podemos encontrar visiones del ser humano m\u00e1s all\u00e1 del mercado y el consumo? \u00bfTenemos alternativas de pensamiento respecto del capitalismo actual?","main_buy_link":"","main_buy_links":"","show_language":"Espect\u00e1culo en castellano y portugu\u00e9s","show_duration":"80","txt_genre":"TEATRE","show_start_date":"20230706000000","show_end_date":"20230709000000","show_sort_date":"20230706000000","txt_custom_show_dates":"del 6 al 9 de julio de 2023 ","txt_additional_info":"","txt_present":"","txt_season":"[\"2022\/23\"]","txt_cycle":"Temporada 22-23","txt_claim":"Un viaje apasionante al coraz\u00f3n del Amazonas para descubrir visiones de la vida y del mundo alejadas de la sociedad del consumo. Una fusi\u00f3n entre investigaci\u00f3n period\u00edstica y esc\u00e9nica.\r\n\r\n&nbsp;","txt_cast_excerpt":"","txt_cast":"Creaci\u00f3n: <strong>Carles Fern\u00e1ndez Giua, Eugenio Szwarcer, Txana Bane Huni Kuin i Gabriela Olivera<\/strong>\r\n\r\nDirecci\u00f3n: <strong>Carles Fern\u00e1ndez Giua<\/strong>\r\n\r\nInterpretaci\u00f3n: <strong>Txana Bane Huni Kuin, Gabriela Olivera, Carles Fern\u00e1ndez Giua i Eugenio Szwarcer<\/strong>\r\n\r\nEspacio y audiovisuales: <strong>Eugenio Szwarcer<\/strong>\r\n\r\nMaquinaria y desarrollo t\u00e9cnico: <strong>Luis Mart\u00ed<\/strong>\r\n\r\nEspacio sonoro: <strong>Damien Bazin<\/strong>\r\n\r\nM\u00fasica: <strong>Txana Bane Huni Kuin<\/strong>\r\n\r\nIluminaci\u00f3n: <strong>Natalia Ramos<\/strong>\r\n\r\nMovimiento: <strong>Roser L\u00f3pez Espinosa<\/strong>\r\n\r\n&nbsp;\r\n\r\n&nbsp;\r\n\r\n&nbsp;","txt_reviews":"","hashtag":"GuardianesDelCoraz\u00f3nDeLaTierra","have_promo":"","slogan":"","id_exhibicio":2010,"id_versio":1602,"id_local":4,"txt_seo_desc":"Guardianes del coraz\u00f3n de la tierra al Festival Grec de Barcelona","data_images":"[{\"localizer\":\"V3PORTADAWIDE\",\"url\":\"media\/ver\/port\/v3wide\/31641\/01_088_00056109\/Portada-0-guardianes-de-la-tierra-la-villarroel.jpg\",\"thumb_url\":\"media\/ver\/port\/v3wide\/31641\/01_088_00056109\/Portada-0-guardianes-de-la-tierra-la-villarroel_thumb.jpg\",\"title\":\"Guardianes del coraz\u00f3n de la tierra - La Villarroel\",\"description\":\"guardianes del corazon de la tierra a la villarroel de barcelona\",\"copyright\":\"\",\"order\":9},{\"localizer\":\"V3PORTADA\",\"url\":\"media\/ver\/port\/v3\/31641\/01_084_00056110\/Portada-1-guardianes-de-la-tierra-la-villarroel.jpg\",\"thumb_url\":\"media\/ver\/port\/v3\/31641\/01_084_00056110\/Portada-1-guardianes-de-la-tierra-la-villarroel_thumb.jpg\",\"title\":\"Guardianes del coraz\u00f3n de la tierra - La Villarroel\",\"description\":\"guardianes del corazon de la tierra a la villarroel de barcelona\",\"copyright\":\"\",\"order\":10},{\"localizer\":\"V3CARTELL\",\"url\":\"media\/ver\/cartell\/v3\/31641\/01_085_00056111\/Cartell-web-guardianes-de-la-tierra-la-villarroel.jpg\",\"thumb_url\":\"media\/ver\/cartell\/v3\/31641\/01_085_00056111\/Cartell-web-guardianes-de-la-tierra-la-villarroel_thumb.jpg\",\"title\":\"Guardianes del coraz\u00f3n de la tierra - La Villarroel\",\"description\":\"guardianes del coraz\u00f3n de la tierra a la villarroel de barcelona\",\"copyright\":\"\",\"order\":11},{\"localizer\":\"V4PORTADAWIDE\",\"url\":\"media\/ver\/port\/wide\/v4\/31641\/01_091_00056112\/Portada-0-guardianes-de-la-tierra-la-villarroel.jpg\",\"thumb_url\":\"\",\"title\":\"Guardianes del coraz\u00f3n de la tierra - La Villarroel\",\"description\":\"guardianes del coraz\u00f3n de la tierra a la villarroel de barcelona\",\"copyright\":\"\",\"order\":12},{\"localizer\":\"V4PORTADAWIDEMOBILE\",\"url\":\"media\/ver\/port\/wide\/mobile\/v4\/31641\/01_092_00056113\/Portada-mobile-guardianes-de-la-tierra-la-villarroel.jpg\",\"thumb_url\":\"\",\"title\":\"Guardianes del coraz\u00f3n de la tierra - La Villarroel\",\"description\":\"guardianes del coraz\u00f3n de la tierra a la villrroel de barcelona\",\"copyright\":\"\",\"order\":13},{\"localizer\":\"V4PORTADA\",\"url\":\"media\/ver\/port\/v4\/31641\/01_090_00056114\/Portada-1-guardianes-de-la-tierra-la-villarroel.jpg\",\"thumb_url\":\"\",\"title\":\"Guardianes del coraz\u00f3n de la tierra - La Villarroel\",\"description\":\"guardianes del coraz\u00f3n de la tierra a la villrroel de barcelona\",\"copyright\":\"\",\"order\":14},{\"localizer\":\"V4CARTELL\",\"url\":\"media\/ver\/cartell\/v4\/31641\/01_089_00056115\/Cartell-web-guardianes-de-la-tierra-la-villarroel.jpg\",\"thumb_url\":\"\",\"title\":\"Guardianes del coraz\u00f3n de la tierra - La Villarroel\",\"description\":\"guardianes del coraz\u00f3n de la tierra a la villarroel de barcelona\",\"copyright\":\"\",\"order\":15},{\"localizer\":\"V3SLIDE\",\"url\":\"media\/ftgalslide\/v3\/316AB\/01_086_00058518\/_DSC6576.JPG\",\"thumb_url\":\"media\/ftgalslide\/v3\/316AB\/01_086_00058518\/_DSC6576_thumb.jpg\",\"title\":\"Guardianes del coraz\u00f3n de la tierra - Mediterr\u00e0nea\",\"description\":\"Guardianes del coraz\u00f3n de la tierra - Mediterr\u00e0nea\",\"copyright\":\"\",\"order\":18},{\"localizer\":\"V3SLIDE\",\"url\":\"media\/ftgalslide\/v3\/31643\/01_086_00056362\/JPG_LaConquesta-40.jpg\",\"thumb_url\":\"media\/ftgalslide\/v3\/31643\/01_086_00056362\/JPG_LaConquesta-40_thumb.jpg\",\"title\":\"Gurdianes del coraz\u00f3n de la tierra - Foto 2\",\"description\":\"guardianes del corazon de la tierra foto 2\",\"copyright\":\"\",\"order\":19},{\"localizer\":\"V3SLIDE\",\"url\":\"media\/ftgalslide\/v3\/31643\/01_086_00056363\/JPG_LaConquesta-2.jpg\",\"thumb_url\":\"media\/ftgalslide\/v3\/31643\/01_086_00056363\/JPG_LaConquesta-2_thumb.jpg\",\"title\":\"Gurdianes del coraz\u00f3n de la tierra - Foto 3\",\"description\":\"Gurdianes del coraz\u00f3n de la tierra foto 3\",\"copyright\":\"\",\"order\":20},{\"localizer\":\"V3SLIDE\",\"url\":\"media\/ftgalslide\/v3\/31643\/01_086_00056361\/2.jpg\",\"thumb_url\":\"media\/ftgalslide\/v3\/31643\/01_086_00056361\/2_thumb.jpg\",\"title\":\"Gurdianes del coraz\u00f3n de la tierra - Foto 1\",\"description\":\"guardianes del corazon de la tierra foto 1\",\"copyright\":\"\",\"order\":21}]","material__texto_intro":"","data_material":null,"data_gallery":"","data_discounts":"[]","contract_is_open":true,"in_tour":false,"foreign_production":true,"tour_end_date":"20250823000000","data_documents":""},"yoast_head":"<!-- This site is optimized with the Yoast SEO plugin v27.4 - https:\/\/yoast.com\/product\/yoast-seo-wordpress\/ -->\n<title>Guardianes del coraz\u00f3n de la tierra - Mediterranea Gira<\/title>\n<meta name=\"robots\" content=\"index, follow, max-snippet:-1, max-image-preview:large, max-video-preview:-1\" \/>\n<link rel=\"canonical\" href=\"\/es\/ex\/guardianes-del-corazon-de-la-tierra\/\" \/>\n<meta property=\"og:locale\" content=\"es_ES\" \/>\n<meta property=\"og:type\" content=\"article\" \/>\n<meta property=\"og:title\" content=\"Guardianes del coraz\u00f3n de la tierra - Mediterranea Gira\" \/>\n<meta property=\"og:url\" content=\"\/es\/ex\/guardianes-del-corazon-de-la-tierra\/\" \/>\n<meta property=\"og:site_name\" content=\"Mediterranea Gira\" \/>\n<meta property=\"article:modified_time\" content=\"2025-05-06T13:32:32+00:00\" \/>\n<meta name=\"twitter:card\" content=\"summary_large_image\" \/>\n<script type=\"application\/ld+json\" class=\"yoast-schema-graph\">{\"@context\":\"https:\\\/\\\/schema.org\",\"@graph\":[{\"@type\":\"WebPage\",\"@id\":\"https:\\\/\\\/www.mediterraneagira.com\\\/es\\\/ex\\\/guardianes-del-corazon-de-la-tierra\\\/\",\"url\":\"https:\\\/\\\/www.mediterraneagira.com\\\/es\\\/ex\\\/guardianes-del-corazon-de-la-tierra\\\/\",\"name\":\"Guardianes del coraz\u00f3n de la tierra - Mediterranea Gira\",\"isPartOf\":{\"@id\":\"https:\\\/\\\/www.mediterraneagira.com\\\/es\\\/#website\"},\"datePublished\":\"2024-11-12T14:30:07+00:00\",\"dateModified\":\"2025-05-06T13:32:32+00:00\",\"breadcrumb\":{\"@id\":\"https:\\\/\\\/www.mediterraneagira.com\\\/es\\\/ex\\\/guardianes-del-corazon-de-la-tierra\\\/#breadcrumb\"},\"inLanguage\":\"es\",\"potentialAction\":[{\"@type\":\"ReadAction\",\"target\":[\"https:\\\/\\\/www.mediterraneagira.com\\\/es\\\/ex\\\/guardianes-del-corazon-de-la-tierra\\\/\"]}]},{\"@type\":\"BreadcrumbList\",\"@id\":\"https:\\\/\\\/www.mediterraneagira.com\\\/es\\\/ex\\\/guardianes-del-corazon-de-la-tierra\\\/#breadcrumb\",\"itemListElement\":[{\"@type\":\"ListItem\",\"position\":1,\"name\":\"Inicio\",\"item\":\"https:\\\/\\\/www.mediterraneagira.com\\\/es\\\/\"},{\"@type\":\"ListItem\",\"position\":2,\"name\":\"Espectacles\",\"item\":\"https:\\\/\\\/www.mediterraneagira.com\\\/es\\\/ex\\\/\"},{\"@type\":\"ListItem\",\"position\":3,\"name\":\"Guardianes del coraz\u00f3n de la tierra\"}]},{\"@type\":\"WebSite\",\"@id\":\"https:\\\/\\\/www.mediterraneagira.com\\\/es\\\/#website\",\"url\":\"https:\\\/\\\/www.mediterraneagira.com\\\/es\\\/\",\"name\":\"Mediterranea Gira\",\"description\":\"Mediterrane Gira\",\"publisher\":{\"@id\":\"https:\\\/\\\/www.mediterraneagira.com\\\/es\\\/#organization\"},\"potentialAction\":[{\"@type\":\"SearchAction\",\"target\":{\"@type\":\"EntryPoint\",\"urlTemplate\":\"https:\\\/\\\/www.mediterraneagira.com\\\/es\\\/?s={search_term_string}\"},\"query-input\":{\"@type\":\"PropertyValueSpecification\",\"valueRequired\":true,\"valueName\":\"search_term_string\"}}],\"inLanguage\":\"es\"},{\"@type\":\"Organization\",\"@id\":\"https:\\\/\\\/www.mediterraneagira.com\\\/es\\\/#organization\",\"name\":\"Mediterranea Gira\",\"url\":\"https:\\\/\\\/www.mediterraneagira.com\\\/es\\\/\",\"logo\":{\"@type\":\"ImageObject\",\"inLanguage\":\"es\",\"@id\":\"https:\\\/\\\/www.mediterraneagira.com\\\/es\\\/#\\\/schema\\\/logo\\\/image\\\/\",\"url\":\"https:\\\/\\\/www.mediterraneagira.com\\\/wp-content\\\/uploads\\\/2022\\\/09\\\/cropped-logo-mediterranea.png\",\"contentUrl\":\"https:\\\/\\\/www.mediterraneagira.com\\\/wp-content\\\/uploads\\\/2022\\\/09\\\/cropped-logo-mediterranea.png\",\"width\":2133,\"height\":250,\"caption\":\"Mediterranea Gira\"},\"image\":{\"@id\":\"https:\\\/\\\/www.mediterraneagira.com\\\/es\\\/#\\\/schema\\\/logo\\\/image\\\/\"}}]}<\/script>\n<!-- \/ Yoast SEO plugin. -->","yoast_head_json":{"title":"Guardianes del coraz\u00f3n de la tierra - Mediterranea Gira","robots":{"index":"index","follow":"follow","max-snippet":"max-snippet:-1","max-image-preview":"max-image-preview:large","max-video-preview":"max-video-preview:-1"},"canonical":"\/es\/ex\/guardianes-del-corazon-de-la-tierra\/","og_locale":"es_ES","og_type":"article","og_title":"Guardianes del coraz\u00f3n de la tierra - Mediterranea Gira","og_url":"\/es\/ex\/guardianes-del-corazon-de-la-tierra\/","og_site_name":"Mediterranea Gira","article_modified_time":"2025-05-06T13:32:32+00:00","twitter_card":"summary_large_image","schema":{"@context":"https:\/\/schema.org","@graph":[{"@type":"WebPage","@id":"\/es\/ex\/guardianes-del-corazon-de-la-tierra\/","url":"\/es\/ex\/guardianes-del-corazon-de-la-tierra\/","name":"Guardianes del coraz\u00f3n de la tierra - Mediterranea Gira","isPartOf":{"@id":"\/es\/#website"},"datePublished":"2024-11-12T14:30:07+00:00","dateModified":"2025-05-06T13:32:32+00:00","breadcrumb":{"@id":"\/es\/ex\/guardianes-del-corazon-de-la-tierra\/#breadcrumb"},"inLanguage":"es","potentialAction":[{"@type":"ReadAction","target":["\/es\/ex\/guardianes-del-corazon-de-la-tierra\/"]}]},{"@type":"BreadcrumbList","@id":"\/es\/ex\/guardianes-del-corazon-de-la-tierra\/#breadcrumb","itemListElement":[{"@type":"ListItem","position":1,"name":"Inicio","item":"\/es\/"},{"@type":"ListItem","position":2,"name":"Espectacles","item":"\/es\/ex\/"},{"@type":"ListItem","position":3,"name":"Guardianes del coraz\u00f3n de la tierra"}]},{"@type":"WebSite","@id":"\/es\/#website","url":"\/es\/","name":"Mediterranea Gira","description":"Mediterrane Gira","publisher":{"@id":"\/es\/#organization"},"potentialAction":[{"@type":"SearchAction","target":{"@type":"EntryPoint","urlTemplate":"\/es\/?s={search_term_string}"},"query-input":{"@type":"PropertyValueSpecification","valueRequired":true,"valueName":"search_term_string"}}],"inLanguage":"es"},{"@type":"Organization","@id":"\/es\/#organization","name":"Mediterranea Gira","url":"\/es\/","logo":{"@type":"ImageObject","inLanguage":"es","@id":"\/es\/#\/schema\/logo\/image\/","url":"https:\/\/www.mediterraneagira.com\/wp-content\/uploads\/2022\/09\/cropped-logo-mediterranea.png","contentUrl":"https:\/\/www.mediterraneagira.com\/wp-content\/uploads\/2022\/09\/cropped-logo-mediterranea.png","width":2133,"height":250,"caption":"Mediterranea Gira"},"image":{"@id":"\/es\/#\/schema\/logo\/image\/"}}]}},"translations":[{"id":5967,"locale":"ca"},{"id":5968,"locale":"es"}],"_links":{"self":[{"href":"\/es\/wp-json\/wp\/v2\/ex\/5968","targetHints":{"allow":["GET"]}}],"collection":[{"href":"\/es\/wp-json\/wp\/v2\/ex"}],"about":[{"href":"\/es\/wp-json\/wp\/v2\/types\/ex"}],"author":[{"embeddable":true,"href":"\/es\/wp-json\/wp\/v2\/users\/1"}],"replies":[{"embeddable":true,"href":"\/es\/wp-json\/wp\/v2\/comments?post=5968"}],"wp:attachment":[{"href":"\/es\/wp-json\/wp\/v2\/media?parent=5968"}],"wp:term":[{"taxonomy":"category","embeddable":true,"href":"\/es\/wp-json\/wp\/v2\/categories?post=5968"}],"curies":[{"name":"wp","href":"https:\/\/api.w.org\/{rel}","templated":true}]}}