{"id":6108,"date":"2025-10-20T17:24:23","date_gmt":"2025-10-20T15:24:23","guid":{"rendered":"https:\/\/www.mediterraneagira.com\/ex\/tu-jo-i-vosaltres-i-les-cancons\/"},"modified":"2025-10-20T17:24:23","modified_gmt":"2025-10-20T15:24:23","slug":"tu-jo-i-vosaltres-i-les-cancons","status":"publish","type":"ex","link":"\/ca\/ex\/tu-jo-i-vosaltres-i-les-cancons\/","title":{"rendered":"TU, JO&#8230;I VOSALTRES&#8230;I LES CAN\u00c7ONS"},"content":{"rendered":"","protected":false},"excerpt":{"rendered":"","protected":false},"author":1,"featured_media":0,"comment_status":"","ping_status":"closed","template":"","categories":[],"class_list":["post-6108","ex","type-ex","status-publish","hentry"],"acf":{"txt_synopsis":"<p>Amb aquesta producci\u00f3, idea i creaci\u00f3 original de Daniel Angl\u00e8s i Pilar Capellades, tornen al seu format m\u00e9s pur. A l\u2019escenari, Daniel Angl\u00e8s i Pilar Capellades, acompanyats al piano pel director musical Sergi Cuenca, oferiran les seves veus en directe per connectar de prop amb el p\u00fablic. La proposta cerca l\u2019emoci\u00f3 a trav\u00e9s del que \u00e9s essencial: els int\u00e8rprets, l\u2019audi\u00e8ncia i les can\u00e7ons que els uneixen.<\/p>\r\n<p>Daniel Angl\u00e8s reflexiona sobre aquest retorn: \u201cL\u2019any 1996, quan cr\u00e8iem saber-ho tot, vam estrenar El Musical M\u00e9s Petit mentre somi\u00e0vem en gran. Ara, conscients de la nostra ignor\u00e0ncia i despr\u00e9s d\u2019haver viscut experi\u00e8ncies significatives, sentim la necessitat de tornar a l\u2019inici del somni. Volem cantar a cau d\u2019orella, percebre la respiraci\u00f3 del p\u00fablic i jugar amb les can\u00e7ons que ja ens van unir, aix\u00ed com amb aquelles que aleshores ni tan sols existien. Han passat trenta anys, i encara pensem que, de grans, volem continuar fent teatre musical. A partir d\u2019aqu\u00ed... dep\u00e8n de vosaltres.\u201d<\/p>\r\n<p>Aquesta ser\u00e0 la 4ta versi\u00f3 de l\u2019espectacle que va n\u00e9ixer al 96. Deu anys m\u00e9s tard es va fer una nova versi\u00f3. El proc\u00e9s creatiu actual se centra en seleccionar les can\u00e7ons essencials del repertori i en la integraci\u00f3 de nou material, abordant-ho \u201cdes d\u2019una maduresa i una plena acceptaci\u00f3 de qui som.\u201d<\/p>","main_buy_link":"","main_buy_links":"","show_language":"Espectacle en catal\u00e0","show_duration":"90","txt_genre":"MUSICAL","show_start_date":"00010101000000","show_end_date":"00010101000000","show_sort_date":"00010101000000","txt_custom_show_dates":"l'","txt_additional_info":"","txt_present":"","txt_season":"[\"2025\/26\"]","txt_cycle":"","txt_claim":"El Musical M\u00e9s Petit celebra el seu 30\u00ba aniversari amb una emotiva tornada als seus or\u00edgens.","txt_cast_excerpt":"","txt_cast":"<p><strong>Idea i creaci\u00f3:<\/strong> Daniel Angl\u00e8s i Pilar Capellades<br \/><br \/><strong>Il\u00b7luminaci\u00f3:<\/strong> Paula Costas<br \/><strong><br \/>So:<\/strong> Jordi Ballb\u00e9<br \/><strong><br \/>Fotografia:<\/strong> \u00c0gata Casanovas<strong> I Grafisme:<\/strong> Pau Oliver<br \/><strong><br \/>Direcci\u00f3 t\u00e8cnica vocal:<\/strong> Susanna Dom\u00e8nech<br \/><strong><br \/>Direcci\u00f3 musical:<\/strong> Sergi Cuenca<br \/><strong><br \/>Codirecci\u00f3:<\/strong> Mariona Castillo<br \/><strong><br \/>Direcci\u00f3:<\/strong> Daniel Angl\u00e8s<br \/><strong><br \/>Distribuci\u00f3:<\/strong> Anita L\u00fcscher <a href=\"mailto:aluscher@mediterraneagira.com\">aluscher@mediterraneagira.com<\/a> <br \/><\/p>","txt_reviews":"","hashtag":"","have_promo":"","slogan":"","id_exhibicio":2350,"id_versio":1838,"id_local":74,"txt_seo_desc":"TU, JO\u2026I VOSALTRES\u2026I LES CAN\u00c7ONS\u2026 un musical d'El Musical m\u00e9s Petit de Daniel Angl\u00e8s i Pilar Capellades","data_images":"[{\"localizer\":\"V3CARTELL\",\"url\":\"media\/ver\/cartell\/v3\/3170E\/01_085_00059379\/MEDITERRANEA_CARTELLS_(4).png\",\"thumb_url\":\"media\/ver\/cartell\/v3\/3170E\/01_085_00059379\/MEDITERRANEA_CARTELLS_(4)_thumb.jpg\",\"title\":\"TU, JO...I VOSALTRES...I LES CAN\u00c7ONS... - Mediterranea\",\"description\":\"tu jo i vosaltres i les can\u00e7ons mediterranea\",\"copyright\":\"\",\"order\":1},{\"localizer\":\"V3SLIDE\",\"url\":\"media\/ftgalslide\/v3\/3170E\/01_086_00059380\/MEDITERRANEA_FOTO_HORITZONTAL_(6).png\",\"thumb_url\":\"media\/ftgalslide\/v3\/3170E\/01_086_00059380\/MEDITERRANEA_FOTO_HORITZONTAL_(6)_thumb.jpg\",\"title\":\"TU, JO...I VOSALTRES...I LES CAN\u00c7ONS... - Mediterranea\",\"description\":\"tu jo i vosaltres i les can\u00e7ons mediterranea\",\"copyright\":\"\",\"order\":2}]","material__texto_intro":"","data_material":null,"data_gallery":"","data_discounts":"[]","contract_is_open":true,"in_tour":false,"foreign_production":true,"tour_end_date":"00010101000000","data_documents":""},"yoast_head":"<!-- This site is optimized with the Yoast SEO plugin v27.4 - https:\/\/yoast.com\/product\/yoast-seo-wordpress\/ -->\n<title>TU, JO...I VOSALTRES...I LES CAN\u00c7ONS - Mediterranea Gira<\/title>\n<meta name=\"robots\" content=\"index, follow, max-snippet:-1, max-image-preview:large, max-video-preview:-1\" \/>\n<link rel=\"canonical\" href=\"https:\/\/www.mediterraneagira.com\/es\/ex\/tu-jo-i-vosaltres-i-les-cancons\/\" \/>\n<meta property=\"og:locale\" content=\"es_ES\" \/>\n<meta property=\"og:type\" content=\"article\" \/>\n<meta property=\"og:title\" content=\"TU, JO...I VOSALTRES...I LES CAN\u00c7ONS - Mediterranea Gira\" \/>\n<meta property=\"og:url\" content=\"\/ca\/ex\/tu-jo-i-vosaltres-i-les-cancons\/\" \/>\n<meta property=\"og:site_name\" content=\"Mediterranea Gira\" \/>\n<meta name=\"twitter:card\" content=\"summary_large_image\" \/>\n<script type=\"application\/ld+json\" class=\"yoast-schema-graph\">{\"@context\":\"https:\\\/\\\/schema.org\",\"@graph\":[{\"@type\":\"WebPage\",\"@id\":\"https:\\\/\\\/www.mediterraneagira.com\\\/ca\\\/ex\\\/tu-jo-i-vosaltres-i-les-cancons\\\/\",\"url\":\"https:\\\/\\\/www.mediterraneagira.com\\\/ca\\\/ex\\\/tu-jo-i-vosaltres-i-les-cancons\\\/\",\"name\":\"TU, JO...I VOSALTRES...I LES CAN\u00c7ONS - Mediterranea Gira\",\"isPartOf\":{\"@id\":\"https:\\\/\\\/www.mediterraneagira.com\\\/es\\\/#website\"},\"datePublished\":\"2025-10-20T15:24:23+00:00\",\"breadcrumb\":{\"@id\":\"https:\\\/\\\/www.mediterraneagira.com\\\/ca\\\/ex\\\/tu-jo-i-vosaltres-i-les-cancons\\\/#breadcrumb\"},\"inLanguage\":\"es\",\"potentialAction\":[{\"@type\":\"ReadAction\",\"target\":[\"https:\\\/\\\/www.mediterraneagira.com\\\/ca\\\/ex\\\/tu-jo-i-vosaltres-i-les-cancons\\\/\"]}]},{\"@type\":\"BreadcrumbList\",\"@id\":\"https:\\\/\\\/www.mediterraneagira.com\\\/ca\\\/ex\\\/tu-jo-i-vosaltres-i-les-cancons\\\/#breadcrumb\",\"itemListElement\":[{\"@type\":\"ListItem\",\"position\":1,\"name\":\"Inicio\",\"item\":\"https:\\\/\\\/www.mediterraneagira.com\\\/es\\\/\"},{\"@type\":\"ListItem\",\"position\":2,\"name\":\"Espectacles\",\"item\":\"https:\\\/\\\/www.mediterraneagira.com\\\/es\\\/ex\\\/\"},{\"@type\":\"ListItem\",\"position\":3,\"name\":\"TU, JO&#8230;I VOSALTRES&#8230;I LES CAN\u00c7ONS\"}]},{\"@type\":\"WebSite\",\"@id\":\"https:\\\/\\\/www.mediterraneagira.com\\\/es\\\/#website\",\"url\":\"https:\\\/\\\/www.mediterraneagira.com\\\/es\\\/\",\"name\":\"Mediterranea Gira\",\"description\":\"Mediterrane Gira\",\"publisher\":{\"@id\":\"https:\\\/\\\/www.mediterraneagira.com\\\/es\\\/#organization\"},\"potentialAction\":[{\"@type\":\"SearchAction\",\"target\":{\"@type\":\"EntryPoint\",\"urlTemplate\":\"https:\\\/\\\/www.mediterraneagira.com\\\/es\\\/?s={search_term_string}\"},\"query-input\":{\"@type\":\"PropertyValueSpecification\",\"valueRequired\":true,\"valueName\":\"search_term_string\"}}],\"inLanguage\":\"es\"},{\"@type\":\"Organization\",\"@id\":\"https:\\\/\\\/www.mediterraneagira.com\\\/es\\\/#organization\",\"name\":\"Mediterranea Gira\",\"url\":\"https:\\\/\\\/www.mediterraneagira.com\\\/es\\\/\",\"logo\":{\"@type\":\"ImageObject\",\"inLanguage\":\"es\",\"@id\":\"https:\\\/\\\/www.mediterraneagira.com\\\/es\\\/#\\\/schema\\\/logo\\\/image\\\/\",\"url\":\"https:\\\/\\\/www.mediterraneagira.com\\\/wp-content\\\/uploads\\\/2022\\\/09\\\/cropped-logo-mediterranea.png\",\"contentUrl\":\"https:\\\/\\\/www.mediterraneagira.com\\\/wp-content\\\/uploads\\\/2022\\\/09\\\/cropped-logo-mediterranea.png\",\"width\":2133,\"height\":250,\"caption\":\"Mediterranea Gira\"},\"image\":{\"@id\":\"https:\\\/\\\/www.mediterraneagira.com\\\/es\\\/#\\\/schema\\\/logo\\\/image\\\/\"}}]}<\/script>\n<!-- \/ Yoast SEO plugin. -->","yoast_head_json":{"title":"TU, JO...I VOSALTRES...I LES CAN\u00c7ONS - Mediterranea Gira","robots":{"index":"index","follow":"follow","max-snippet":"max-snippet:-1","max-image-preview":"max-image-preview:large","max-video-preview":"max-video-preview:-1"},"canonical":"https:\/\/www.mediterraneagira.com\/es\/ex\/tu-jo-i-vosaltres-i-les-cancons\/","og_locale":"es_ES","og_type":"article","og_title":"TU, JO...I VOSALTRES...I LES CAN\u00c7ONS - Mediterranea Gira","og_url":"\/ca\/ex\/tu-jo-i-vosaltres-i-les-cancons\/","og_site_name":"Mediterranea Gira","twitter_card":"summary_large_image","schema":{"@context":"https:\/\/schema.org","@graph":[{"@type":"WebPage","@id":"\/ca\/ex\/tu-jo-i-vosaltres-i-les-cancons\/","url":"\/ca\/ex\/tu-jo-i-vosaltres-i-les-cancons\/","name":"TU, JO...I VOSALTRES...I LES CAN\u00c7ONS - Mediterranea Gira","isPartOf":{"@id":"https:\/\/www.mediterraneagira.com\/es\/#website"},"datePublished":"2025-10-20T15:24:23+00:00","breadcrumb":{"@id":"\/ca\/ex\/tu-jo-i-vosaltres-i-les-cancons\/#breadcrumb"},"inLanguage":"es","potentialAction":[{"@type":"ReadAction","target":["\/ca\/ex\/tu-jo-i-vosaltres-i-les-cancons\/"]}]},{"@type":"BreadcrumbList","@id":"\/ca\/ex\/tu-jo-i-vosaltres-i-les-cancons\/#breadcrumb","itemListElement":[{"@type":"ListItem","position":1,"name":"Inicio","item":"https:\/\/www.mediterraneagira.com\/es\/"},{"@type":"ListItem","position":2,"name":"Espectacles","item":"https:\/\/www.mediterraneagira.com\/es\/ex\/"},{"@type":"ListItem","position":3,"name":"TU, JO&#8230;I VOSALTRES&#8230;I LES CAN\u00c7ONS"}]},{"@type":"WebSite","@id":"https:\/\/www.mediterraneagira.com\/es\/#website","url":"https:\/\/www.mediterraneagira.com\/es\/","name":"Mediterranea Gira","description":"Mediterrane Gira","publisher":{"@id":"https:\/\/www.mediterraneagira.com\/es\/#organization"},"potentialAction":[{"@type":"SearchAction","target":{"@type":"EntryPoint","urlTemplate":"https:\/\/www.mediterraneagira.com\/es\/?s={search_term_string}"},"query-input":{"@type":"PropertyValueSpecification","valueRequired":true,"valueName":"search_term_string"}}],"inLanguage":"es"},{"@type":"Organization","@id":"https:\/\/www.mediterraneagira.com\/es\/#organization","name":"Mediterranea Gira","url":"https:\/\/www.mediterraneagira.com\/es\/","logo":{"@type":"ImageObject","inLanguage":"es","@id":"https:\/\/www.mediterraneagira.com\/es\/#\/schema\/logo\/image\/","url":"https:\/\/www.mediterraneagira.com\/wp-content\/uploads\/2022\/09\/cropped-logo-mediterranea.png","contentUrl":"https:\/\/www.mediterraneagira.com\/wp-content\/uploads\/2022\/09\/cropped-logo-mediterranea.png","width":2133,"height":250,"caption":"Mediterranea Gira"},"image":{"@id":"https:\/\/www.mediterraneagira.com\/es\/#\/schema\/logo\/image\/"}}]}},"translations":[{"id":6108,"locale":"ca"},{"id":6109,"locale":"es"}],"_links":{"self":[{"href":"https:\/\/www.mediterraneagira.com\/es\/wp-json\/wp\/v2\/ex\/6108","targetHints":{"allow":["GET"]}}],"collection":[{"href":"https:\/\/www.mediterraneagira.com\/es\/wp-json\/wp\/v2\/ex"}],"about":[{"href":"https:\/\/www.mediterraneagira.com\/es\/wp-json\/wp\/v2\/types\/ex"}],"author":[{"embeddable":true,"href":"https:\/\/www.mediterraneagira.com\/es\/wp-json\/wp\/v2\/users\/1"}],"replies":[{"embeddable":true,"href":"https:\/\/www.mediterraneagira.com\/es\/wp-json\/wp\/v2\/comments?post=6108"}],"wp:attachment":[{"href":"https:\/\/www.mediterraneagira.com\/es\/wp-json\/wp\/v2\/media?parent=6108"}],"wp:term":[{"taxonomy":"category","embeddable":true,"href":"https:\/\/www.mediterraneagira.com\/es\/wp-json\/wp\/v2\/categories?post=6108"}],"curies":[{"name":"wp","href":"https:\/\/api.w.org\/{rel}","templated":true}]}}