{"id":5969,"date":"2024-11-12T16:30:10","date_gmt":"2024-11-12T14:30:10","guid":{"rendered":"https:\/\/www.mediterraneagira.com\/ex\/guardianes-del-corazon-de-la-tierra-2\/"},"modified":"2025-05-06T15:37:05","modified_gmt":"2025-05-06T13:37:05","slug":"guardianes-del-corazon-de-la-tierra-2","status":"publish","type":"ex","link":"\/ca\/ex\/guardianes-del-corazon-de-la-tierra-2\/","title":{"rendered":"Guardianes del coraz\u00f3n de la tierra"},"content":{"rendered":"","protected":false},"excerpt":{"rendered":"","protected":false},"author":1,"featured_media":0,"comment_status":"closed","ping_status":"closed","template":"","categories":[],"class_list":["post-5969","ex","type-ex","status-publish","hentry"],"acf":{"txt_synopsis":"La geografia \u00e9s pol\u00edtica. Txana Bane, de la comunitat huni kuin (\u2018la gent de la terra\u2019, en la seva llengua), va n\u00e9ixer al cor de la selva amaz\u00f2nica, i \u00e9s net i fill de militants destacats en la lluita pels drets ind\u00edgenes. Bane \u00e9s un txana, alg\u00fa que cura a trav\u00e9s de la m\u00fasica i les can\u00e7ons sagrades. La seva vida discorre entre Alemanya, d\u2019on \u00e9s origin\u00e0ria la seva companya, i la comunitat que han fundat plegats al territori de Huni Kuin, a les ribes del riu Tarauac\u00e1, a l\u2019estat d\u2019Acre. Bane \u00e9s un pont vivent entre cultures que lluita en el camp de l\u2019activisme ecol\u00f2gic i divulga la cultura mil\u00b7len\u00e0ria dels huni kuin: una visi\u00f3 que parteix d\u2019un vincle molt poder\u00f3s amb la natura i, en concret, amb la selva amaz\u00f2nica.\r\n\r\nLa Conquesta del Pol Sud torna a fusionar investigaci\u00f3 period\u00edstica i esc\u00e8nica en un espectacle . Gabriela Olivera, acr\u00f2bata i ballarina d\u2019origen peru\u00e0 resident a Catalunya, participa tamb\u00e9 en aquest testimoni sobre les relacions entre el capitalisme, el colonialisme i la crisi ecol\u00f2gica global.\r\n\r\nOn podem trobar visions de l\u2019\u00e9sser hum\u00e0 m\u00e9s enll\u00e0 del mercat i el consum? Tenim alternatives de pensament respecte del capitalisme actual?","main_buy_link":"","main_buy_links":"","show_language":"Espectacle en castell\u00e0 i portugu\u00e8s","show_duration":"80","txt_genre":"TEATRE","show_start_date":"20241112000000","show_end_date":"20250817000000","show_sort_date":"20241112000000","txt_custom_show_dates":"del 12 de novembre de 2024 al 17 d'agost de 2025 ","txt_additional_info":"","txt_present":"","txt_season":"[]","txt_cycle":"","txt_claim":"Un viatge apassionant al cor de l'Amazones per descobrir visions de la vida i del m\u00f3n allunyades de la societat del consum. Una fusi\u00f3 entre investigaci\u00f3 period\u00edstica i esc\u00e8nica.","txt_cast_excerpt":"","txt_cast":"Creaci\u00f3: <strong>Carles Fern\u00e1ndez Giua, Eugenio Szwarcer, Txana Bane Huni Kuin i Gabriela Olivera<\/strong>\r\n\r\nDirecci\u00f3: <strong>Carles Fern\u00e1ndez Giua<\/strong>\r\n\r\nInterpretaci\u00f3: <strong>Txana Bane Huni Kuin, Gabriela Olivera, Carles Fern\u00e1ndez Giua i Eugenio Szwarcer<\/strong>\r\n\r\nEspai i audiovisuals: <strong>Eugenio Szwarcer<\/strong>\r\n\r\nMaquin\u00e0ria i desenvolupament t\u00e8cnic: <strong>Luis Mart\u00ed<\/strong>\r\n\r\nEspai sonor: <strong>Damien Bazin<\/strong>\r\n\r\nM\u00fasica: <strong>Txana Bane Huni Kuin<\/strong>\r\n\r\nIl\u00b7luminaci\u00f3: <strong>Natalia Ramos<\/strong>\r\n\r\nMoviment: <strong>Roser L\u00f3pez Espinosa<\/strong>\r\n\r\n&nbsp;\r\n\r\n&nbsp;","txt_reviews":"","hashtag":"GuardianesDelCoraz\u00f3nDeLaTierra","have_promo":"","slogan":"","id_exhibicio":2219,"id_versio":1602,"id_local":74,"txt_seo_desc":"Guardianes del coraz\u00f3n de la tierra al Festival Grec de Barcelona","data_images":"[{\"localizer\":\"V3PORTADAWIDE\",\"url\":\"media\/ver\/port\/v3wide\/31641\/01_088_00056109\/Portada-0-guardianes-de-la-tierra-la-villarroel.jpg\",\"thumb_url\":\"media\/ver\/port\/v3wide\/31641\/01_088_00056109\/Portada-0-guardianes-de-la-tierra-la-villarroel_thumb.jpg\",\"title\":\"Guardianes del coraz\u00f3n de la tierra - La Villarroel\",\"description\":\"guardianes del corazon de la tierra a la villarroel de barcelona\",\"copyright\":\"\",\"order\":9},{\"localizer\":\"V3PORTADA\",\"url\":\"media\/ver\/port\/v3\/31641\/01_084_00056110\/Portada-1-guardianes-de-la-tierra-la-villarroel.jpg\",\"thumb_url\":\"media\/ver\/port\/v3\/31641\/01_084_00056110\/Portada-1-guardianes-de-la-tierra-la-villarroel_thumb.jpg\",\"title\":\"Guardianes del coraz\u00f3n de la tierra - La Villarroel\",\"description\":\"guardianes del corazon de la tierra a la villarroel de barcelona\",\"copyright\":\"\",\"order\":10},{\"localizer\":\"V3CARTELL\",\"url\":\"media\/ver\/cartell\/v3\/31641\/01_085_00056111\/Cartell-web-guardianes-de-la-tierra-la-villarroel.jpg\",\"thumb_url\":\"media\/ver\/cartell\/v3\/31641\/01_085_00056111\/Cartell-web-guardianes-de-la-tierra-la-villarroel_thumb.jpg\",\"title\":\"Guardianes del coraz\u00f3n de la tierra - La Villarroel\",\"description\":\"guardianes del coraz\u00f3n de la tierra a la villarroel de barcelona\",\"copyright\":\"\",\"order\":11},{\"localizer\":\"V4PORTADAWIDE\",\"url\":\"media\/ver\/port\/wide\/v4\/31641\/01_091_00056112\/Portada-0-guardianes-de-la-tierra-la-villarroel.jpg\",\"thumb_url\":\"\",\"title\":\"Guardianes del coraz\u00f3n de la tierra - La Villarroel\",\"description\":\"guardianes del coraz\u00f3n de la tierra a la villarroel de barcelona\",\"copyright\":\"\",\"order\":12},{\"localizer\":\"V4PORTADAWIDEMOBILE\",\"url\":\"media\/ver\/port\/wide\/mobile\/v4\/31641\/01_092_00056113\/Portada-mobile-guardianes-de-la-tierra-la-villarroel.jpg\",\"thumb_url\":\"\",\"title\":\"Guardianes del coraz\u00f3n de la tierra - La Villarroel\",\"description\":\"guardianes del coraz\u00f3n de la tierra a la villrroel de barcelona\",\"copyright\":\"\",\"order\":13},{\"localizer\":\"V4PORTADA\",\"url\":\"media\/ver\/port\/v4\/31641\/01_090_00056114\/Portada-1-guardianes-de-la-tierra-la-villarroel.jpg\",\"thumb_url\":\"\",\"title\":\"Guardianes del coraz\u00f3n de la tierra - La Villarroel\",\"description\":\"guardianes del coraz\u00f3n de la tierra a la villrroel de barcelona\",\"copyright\":\"\",\"order\":14},{\"localizer\":\"V4CARTELL\",\"url\":\"media\/ver\/cartell\/v4\/31641\/01_089_00056115\/Cartell-web-guardianes-de-la-tierra-la-villarroel.jpg\",\"thumb_url\":\"\",\"title\":\"Guardianes del coraz\u00f3n de la tierra - La Villarroel\",\"description\":\"guardianes del coraz\u00f3n de la tierra a la villarroel de barcelona\",\"copyright\":\"\",\"order\":15},{\"localizer\":\"V3SLIDE\",\"url\":\"media\/ftgalslide\/v3\/316AB\/01_086_00058518\/_DSC6576.JPG\",\"thumb_url\":\"media\/ftgalslide\/v3\/316AB\/01_086_00058518\/_DSC6576_thumb.jpg\",\"title\":\"Guardianes del coraz\u00f3n de la tierra - Mediterr\u00e0nea\",\"description\":\"Guardianes del coraz\u00f3n de la tierra - Mediterr\u00e0nea\",\"copyright\":\"\",\"order\":18},{\"localizer\":\"V3SLIDE\",\"url\":\"media\/ftgalslide\/v3\/31643\/01_086_00056362\/JPG_LaConquesta-40.jpg\",\"thumb_url\":\"media\/ftgalslide\/v3\/31643\/01_086_00056362\/JPG_LaConquesta-40_thumb.jpg\",\"title\":\"Gurdianes del coraz\u00f3n de la tierra - Foto 2\",\"description\":\"guardianes del corazon de la tierra foto 2\",\"copyright\":\"\",\"order\":19},{\"localizer\":\"V3SLIDE\",\"url\":\"media\/ftgalslide\/v3\/31643\/01_086_00056363\/JPG_LaConquesta-2.jpg\",\"thumb_url\":\"media\/ftgalslide\/v3\/31643\/01_086_00056363\/JPG_LaConquesta-2_thumb.jpg\",\"title\":\"Gurdianes del coraz\u00f3n de la tierra - Foto 3\",\"description\":\"Gurdianes del coraz\u00f3n de la tierra foto 3\",\"copyright\":\"\",\"order\":20},{\"localizer\":\"V3SLIDE\",\"url\":\"media\/ftgalslide\/v3\/31643\/01_086_00056361\/2.jpg\",\"thumb_url\":\"media\/ftgalslide\/v3\/31643\/01_086_00056361\/2_thumb.jpg\",\"title\":\"Gurdianes del coraz\u00f3n de la tierra - Foto 1\",\"description\":\"guardianes del corazon de la tierra foto 1\",\"copyright\":\"\",\"order\":21}]","material__texto_intro":"","data_material":null,"data_gallery":"","data_discounts":"[]","contract_is_open":true,"in_tour":false,"foreign_production":true,"tour_end_date":"20250823000000","data_documents":""},"yoast_head":"<!-- This site is optimized with the Yoast SEO plugin v27.5 - https:\/\/yoast.com\/product\/yoast-seo-wordpress\/ -->\n<title>Guardianes del coraz\u00f3n de la tierra - Mediterranea Gira<\/title>\n<meta name=\"robots\" content=\"index, follow, max-snippet:-1, max-image-preview:large, max-video-preview:-1\" \/>\n<link rel=\"canonical\" href=\"https:\/\/www.mediterraneagira.com\/es\/ex\/guardianes-del-corazon-de-la-tierra-2\/\" \/>\n<meta property=\"og:locale\" content=\"es_ES\" \/>\n<meta property=\"og:type\" content=\"article\" \/>\n<meta property=\"og:title\" content=\"Guardianes del coraz\u00f3n de la tierra - Mediterranea Gira\" \/>\n<meta property=\"og:url\" content=\"\/ca\/ex\/guardianes-del-corazon-de-la-tierra-2\/\" \/>\n<meta property=\"og:site_name\" content=\"Mediterranea Gira\" \/>\n<meta property=\"article:modified_time\" content=\"2025-05-06T13:37:05+00:00\" \/>\n<meta name=\"twitter:card\" content=\"summary_large_image\" \/>\n<script type=\"application\/ld+json\" class=\"yoast-schema-graph\">{\"@context\":\"https:\\\/\\\/schema.org\",\"@graph\":[{\"@type\":\"WebPage\",\"@id\":\"https:\\\/\\\/www.mediterraneagira.com\\\/ca\\\/ex\\\/guardianes-del-corazon-de-la-tierra-2\\\/\",\"url\":\"https:\\\/\\\/www.mediterraneagira.com\\\/ca\\\/ex\\\/guardianes-del-corazon-de-la-tierra-2\\\/\",\"name\":\"Guardianes del coraz\u00f3n de la tierra - Mediterranea Gira\",\"isPartOf\":{\"@id\":\"https:\\\/\\\/www.mediterraneagira.com\\\/es\\\/#website\"},\"datePublished\":\"2024-11-12T14:30:10+00:00\",\"dateModified\":\"2025-05-06T13:37:05+00:00\",\"breadcrumb\":{\"@id\":\"https:\\\/\\\/www.mediterraneagira.com\\\/ca\\\/ex\\\/guardianes-del-corazon-de-la-tierra-2\\\/#breadcrumb\"},\"inLanguage\":\"es\",\"potentialAction\":[{\"@type\":\"ReadAction\",\"target\":[\"https:\\\/\\\/www.mediterraneagira.com\\\/ca\\\/ex\\\/guardianes-del-corazon-de-la-tierra-2\\\/\"]}]},{\"@type\":\"BreadcrumbList\",\"@id\":\"https:\\\/\\\/www.mediterraneagira.com\\\/ca\\\/ex\\\/guardianes-del-corazon-de-la-tierra-2\\\/#breadcrumb\",\"itemListElement\":[{\"@type\":\"ListItem\",\"position\":1,\"name\":\"Inicio\",\"item\":\"https:\\\/\\\/www.mediterraneagira.com\\\/es\\\/\"},{\"@type\":\"ListItem\",\"position\":2,\"name\":\"Espectacles\",\"item\":\"https:\\\/\\\/www.mediterraneagira.com\\\/es\\\/ex\\\/\"},{\"@type\":\"ListItem\",\"position\":3,\"name\":\"Guardianes del coraz\u00f3n de la tierra\"}]},{\"@type\":\"WebSite\",\"@id\":\"https:\\\/\\\/www.mediterraneagira.com\\\/es\\\/#website\",\"url\":\"https:\\\/\\\/www.mediterraneagira.com\\\/es\\\/\",\"name\":\"Mediterranea Gira\",\"description\":\"Mediterrane Gira\",\"publisher\":{\"@id\":\"https:\\\/\\\/www.mediterraneagira.com\\\/es\\\/#organization\"},\"potentialAction\":[{\"@type\":\"SearchAction\",\"target\":{\"@type\":\"EntryPoint\",\"urlTemplate\":\"https:\\\/\\\/www.mediterraneagira.com\\\/es\\\/?s={search_term_string}\"},\"query-input\":{\"@type\":\"PropertyValueSpecification\",\"valueRequired\":true,\"valueName\":\"search_term_string\"}}],\"inLanguage\":\"es\"},{\"@type\":\"Organization\",\"@id\":\"https:\\\/\\\/www.mediterraneagira.com\\\/es\\\/#organization\",\"name\":\"Mediterranea Gira\",\"url\":\"https:\\\/\\\/www.mediterraneagira.com\\\/es\\\/\",\"logo\":{\"@type\":\"ImageObject\",\"inLanguage\":\"es\",\"@id\":\"https:\\\/\\\/www.mediterraneagira.com\\\/es\\\/#\\\/schema\\\/logo\\\/image\\\/\",\"url\":\"https:\\\/\\\/www.mediterraneagira.com\\\/wp-content\\\/uploads\\\/2022\\\/09\\\/cropped-logo-mediterranea.png\",\"contentUrl\":\"https:\\\/\\\/www.mediterraneagira.com\\\/wp-content\\\/uploads\\\/2022\\\/09\\\/cropped-logo-mediterranea.png\",\"width\":2133,\"height\":250,\"caption\":\"Mediterranea Gira\"},\"image\":{\"@id\":\"https:\\\/\\\/www.mediterraneagira.com\\\/es\\\/#\\\/schema\\\/logo\\\/image\\\/\"}}]}<\/script>\n<!-- \/ Yoast SEO plugin. -->","yoast_head_json":{"title":"Guardianes del coraz\u00f3n de la tierra - Mediterranea Gira","robots":{"index":"index","follow":"follow","max-snippet":"max-snippet:-1","max-image-preview":"max-image-preview:large","max-video-preview":"max-video-preview:-1"},"canonical":"https:\/\/www.mediterraneagira.com\/es\/ex\/guardianes-del-corazon-de-la-tierra-2\/","og_locale":"es_ES","og_type":"article","og_title":"Guardianes del coraz\u00f3n de la tierra - Mediterranea Gira","og_url":"\/ca\/ex\/guardianes-del-corazon-de-la-tierra-2\/","og_site_name":"Mediterranea Gira","article_modified_time":"2025-05-06T13:37:05+00:00","twitter_card":"summary_large_image","schema":{"@context":"https:\/\/schema.org","@graph":[{"@type":"WebPage","@id":"\/ca\/ex\/guardianes-del-corazon-de-la-tierra-2\/","url":"\/ca\/ex\/guardianes-del-corazon-de-la-tierra-2\/","name":"Guardianes del coraz\u00f3n de la tierra - Mediterranea Gira","isPartOf":{"@id":"https:\/\/www.mediterraneagira.com\/es\/#website"},"datePublished":"2024-11-12T14:30:10+00:00","dateModified":"2025-05-06T13:37:05+00:00","breadcrumb":{"@id":"\/ca\/ex\/guardianes-del-corazon-de-la-tierra-2\/#breadcrumb"},"inLanguage":"es","potentialAction":[{"@type":"ReadAction","target":["\/ca\/ex\/guardianes-del-corazon-de-la-tierra-2\/"]}]},{"@type":"BreadcrumbList","@id":"\/ca\/ex\/guardianes-del-corazon-de-la-tierra-2\/#breadcrumb","itemListElement":[{"@type":"ListItem","position":1,"name":"Inicio","item":"https:\/\/www.mediterraneagira.com\/es\/"},{"@type":"ListItem","position":2,"name":"Espectacles","item":"https:\/\/www.mediterraneagira.com\/es\/ex\/"},{"@type":"ListItem","position":3,"name":"Guardianes del coraz\u00f3n de la tierra"}]},{"@type":"WebSite","@id":"https:\/\/www.mediterraneagira.com\/es\/#website","url":"https:\/\/www.mediterraneagira.com\/es\/","name":"Mediterranea Gira","description":"Mediterrane Gira","publisher":{"@id":"https:\/\/www.mediterraneagira.com\/es\/#organization"},"potentialAction":[{"@type":"SearchAction","target":{"@type":"EntryPoint","urlTemplate":"https:\/\/www.mediterraneagira.com\/es\/?s={search_term_string}"},"query-input":{"@type":"PropertyValueSpecification","valueRequired":true,"valueName":"search_term_string"}}],"inLanguage":"es"},{"@type":"Organization","@id":"https:\/\/www.mediterraneagira.com\/es\/#organization","name":"Mediterranea Gira","url":"https:\/\/www.mediterraneagira.com\/es\/","logo":{"@type":"ImageObject","inLanguage":"es","@id":"https:\/\/www.mediterraneagira.com\/es\/#\/schema\/logo\/image\/","url":"https:\/\/www.mediterraneagira.com\/wp-content\/uploads\/2022\/09\/cropped-logo-mediterranea.png","contentUrl":"https:\/\/www.mediterraneagira.com\/wp-content\/uploads\/2022\/09\/cropped-logo-mediterranea.png","width":2133,"height":250,"caption":"Mediterranea Gira"},"image":{"@id":"https:\/\/www.mediterraneagira.com\/es\/#\/schema\/logo\/image\/"}}]}},"translations":[{"id":5969,"locale":"ca"},{"id":5970,"locale":"es"}],"_links":{"self":[{"href":"https:\/\/www.mediterraneagira.com\/es\/wp-json\/wp\/v2\/ex\/5969","targetHints":{"allow":["GET"]}}],"collection":[{"href":"https:\/\/www.mediterraneagira.com\/es\/wp-json\/wp\/v2\/ex"}],"about":[{"href":"https:\/\/www.mediterraneagira.com\/es\/wp-json\/wp\/v2\/types\/ex"}],"author":[{"embeddable":true,"href":"https:\/\/www.mediterraneagira.com\/es\/wp-json\/wp\/v2\/users\/1"}],"replies":[{"embeddable":true,"href":"https:\/\/www.mediterraneagira.com\/es\/wp-json\/wp\/v2\/comments?post=5969"}],"wp:attachment":[{"href":"https:\/\/www.mediterraneagira.com\/es\/wp-json\/wp\/v2\/media?parent=5969"}],"wp:term":[{"taxonomy":"category","embeddable":true,"href":"https:\/\/www.mediterraneagira.com\/es\/wp-json\/wp\/v2\/categories?post=5969"}],"curies":[{"name":"wp","href":"https:\/\/api.w.org\/{rel}","templated":true}]}}