{"id":5922,"date":"2024-07-17T10:44:20","date_gmt":"2024-07-17T08:44:20","guid":{"rendered":"https:\/\/www.mediterraneagira.com\/ex\/lenterrador-2\/"},"modified":"2026-03-09T11:44:20","modified_gmt":"2026-03-09T09:44:20","slug":"lenterrador-2024-25","status":"publish","type":"ex","link":"\/ca\/ex\/lenterrador-2024-25\/","title":{"rendered":"L&#8217;enterrador"},"content":{"rendered":"","protected":false},"excerpt":{"rendered":"","protected":false},"author":1,"featured_media":0,"comment_status":"closed","ping_status":"closed","template":"","categories":[],"class_list":["post-5922","ex","type-ex","status-publish","hentry"],"acf":{"txt_synopsis":"<p><strong>Una experi\u00e8ncia esc\u00e8nica que et far\u00e0 reviure un episodi colpidor de la nostra mem\u00f2ria hist\u00f2rica.<\/strong> <\/p>\r\n<p><em>L'enterrador<\/em> tracta de la nostra mem\u00f2ria hist\u00f2rica. Es basa lliurement en les viv\u00e8ncies d'herois an\u00f2nims -com les de l'enterrador de Paterna, Leoncio Bad\u00eda Navarro- que, amb la seva determinaci\u00f3, van deixar testimoni d'humanitat i dignitat enmig de l'horror i la barb\u00e0rie de la Guerra Civil i la postguerra. En l'espectacle, un actor prepara un mon\u00f2leg que representar\u00e0 davant els espectadors d'aqu\u00ed a uns dies. L'ha escrit ell mateix a partir del que la seva fam\u00edlia li va explicar durant anys sobre el seu avi i els seus amics, els quals van patir terribles episodis durant la postguerra. El personatge que interpreta ha d'enterrar, com cada dia, als afusellats que li porten al cementiri. Enterrar... o desenterrar? <\/p>\r\n<p><strong>Premi a l'espectacle m\u00e9s innovador del Festival Internacional de Teatro y Artes de Calle de Valladolid 2023&nbsp; <br \/><\/strong>&nbsp;<\/p>","main_buy_link":"","main_buy_links":"","show_language":"Espectacle en catal\u00e0 ","show_duration":"75","txt_genre":"DRAM\u00c0TIC","show_start_date":"20240907000000","show_end_date":"20240922000000","show_sort_date":"20240907000000","txt_custom_show_dates":"del 7 al 22 de setembre de 2024 ","txt_additional_info":"<ul>\r\n<li>Recomanat a partir de 12 anys&nbsp; <\/li><\/ul>\r\n<p>&nbsp;<\/p>","txt_present":"","txt_season":"[\"2024\/25\"]","txt_cycle":"Off La Villarroel","txt_claim":"Espectacle recomanat pel programa.cat i per la Red de Teatros, 2023.","txt_cast_excerpt":"","txt_cast":"<p>Dramat\u00fargia i direcci\u00f3: <strong>Gerard V\u00e1zquez <\/strong><\/p>\r\n<p>Int\u00e8rpret: <strong>Pepe Zapata <\/strong><\/p>\r\n<p>Nana*: <strong>Alba Carmona <\/strong><\/p>\r\n<p>Producci\u00f3 executiva i art\u00edstica: <strong>Montse Enguita <br \/><\/strong>Productor: <strong>Pepe Zapata<\/strong> <\/p>\r\n<p>Assessoria d\u2019espai esc\u00e8nic i il\u00b7luminaci\u00f3: <strong>Ignasi Camprodon <br \/><\/strong>T\u00e8cnics de companyia: <strong>Pol Zapata i Cristian P\u00e9rez <\/strong><\/p>\r\n<p>V\u00eddeo: <strong>Dani Valdivia (Volar\u00e1s Volar\u00e1s) <br \/><\/strong>Fotografia: <strong>David Ruano <br \/><\/strong>Edici\u00f3 de fotografia: <strong>Yulia Evseeva<\/strong> <br \/>Disseny gr\u00e0fic: <strong>Satur Herraiz <\/strong><\/p>\r\n<p>Dossier pedag\u00f2gic: <strong>Jordi Barra <\/strong><\/p>\r\n<p>*Nana composta per <strong>Gerard V\u00e1zquez<\/strong> i interpretada per <strong>Alba Carmona<\/strong> (veu)&nbsp; <br \/><strong>Jes\u00fas Guerrero<\/strong> (guitarra i arranjaments de guitarra); <strong>Juan Casanovas <\/strong>(mescles i masteritzaci\u00f3) <br \/>&nbsp;Agra\u00efments: <strong>Alba Carmona, Irene Pardo, Joan Dom\u00e9nech, La Brutal, Josep Zapater, Rafat\u00f3 Teatre, Cal Jaume del Bitxot, Elena Torrent, Mimos de Jab\u00f3n i Carme Marin <\/strong><\/p>\r\n<p>Distribuci\u00f3:<strong> Anita L\u00fcscher<\/strong> (<a href=\"mailto:aluscher@mediterraneagira.com\">aluscher@mediterraneagira.com<\/a>) <\/p>\r\n<p>\u00c9s una producci\u00f3 de<strong> Teatro de dos i Mediterr\u00e1nea <\/strong><\/p>","txt_reviews":"Neus M\u00f3nico Fern\u00e1ndez|Teatre Barcelona|Un text meravell\u00f3s, un relat colpidor, una posada en escena plena de simbologia i una interpretaci\u00f3 excel\u00b7lent de Pepe Zapata\r\nMart\u00ed Figueras|N\u00favol|Una hist\u00f2ria que dona sentit al qual entenem com a Mem\u00f2ria Hist\u00f2rica. Un di\u00e0leg entre passat i present\r\nGuille Mart\u00ednez|El Salto|Una obra que ens fa preguntes, ens interpela i ens remou la consci\u00e8ncia","hashtag":"LEnterrador","have_promo":"","slogan":"","id_exhibicio":2170,"id_versio":1702,"id_local":4,"txt_seo_desc":"","data_images":"[{\"localizer\":\"V4PORTADA\",\"url\":\"media\/ver\/port\/v4\/316A4\/01_090_00057747\/Portada-1-lenterrador-off-villarroel.jpg\",\"thumb_url\":\"\",\"title\":\"L'enterrador - La Villarroel\",\"description\":\"l'enterrador la villarroel\",\"copyright\":\"\",\"order\":3},{\"localizer\":\"V4CARTELL\",\"url\":\"media\/ver\/cartell\/v4\/316A4\/01_089_00057748\/Cartell-web-lenterrador-off-villarroel.jpg\",\"thumb_url\":\"\",\"title\":\"L'enterrador - La Villarroel\",\"description\":\"l'enterrador la villarroel\",\"copyright\":\"\",\"order\":4},{\"localizer\":\"V3SLIDE\",\"url\":\"media\/ftgalslide\/v3\/316A4\/01_086_00057749\/I22_LEnterrador_090_01_textura_h.jpg\",\"thumb_url\":\"media\/ftgalslide\/v3\/316A4\/01_086_00057749\/I22_LEnterrador_090_01_textura_h_thumb.jpg\",\"title\":\"L'enterrador - La Villarroel\",\"description\":\"l'enterrador la villarroel\",\"copyright\":\"https:\/\/www.youtube.com\/watch?v=SdR23EXbfi8&list=PLAvbPxaP9Jhx5jBrR8opKsLdsJYf7VInF&index=65\",\"order\":5},{\"localizer\":\"V3CARTELL\",\"url\":\"media\/ver\/cartell\/v3\/316A4\/01_085_00057750\/MEDITERRANEA_CARTELLS_(3).jpg\",\"thumb_url\":\"media\/ver\/cartell\/v3\/316A4\/01_085_00057750\/MEDITERRANEA_CARTELLS_(3)_thumb.jpg\",\"title\":\"L'enterrador - La villarroel\",\"description\":\"l'enterraodr a la villarroel\",\"copyright\":\"\",\"order\":6},{\"localizer\":\"V3SLIDE\",\"url\":\"media\/ftgalslide\/v3\/316A5\/01_086_00057876\/I22_LEnterrador_111_01_textura_h.jpg\",\"thumb_url\":\"media\/ftgalslide\/v3\/316A5\/01_086_00057876\/I22_LEnterrador_111_01_textura_h_thumb.jpg\",\"title\":\"L'enterrador - La Villarroel\",\"description\":\"l'enterrador a la villarroel de barcelona\",\"copyright\":\"\",\"order\":7},{\"localizer\":\"V3SLIDE\",\"url\":\"media\/ftgalslide\/v3\/316A5\/01_086_00057877\/I22_LEnterrador_139_1.jpg\",\"thumb_url\":\"media\/ftgalslide\/v3\/316A5\/01_086_00057877\/I22_LEnterrador_139_1_thumb.jpg\",\"title\":\"L'enterrador - LA vILLARROEL\",\"description\":\"l'enterrador a la villarroel de barcelona\",\"copyright\":\"\",\"order\":8},{\"localizer\":\"V4PORTADAWIDE\",\"url\":\"media\/ver\/port\/wide\/v4\/316A9\/01_091_00058375\/Portada-0-lenterrador-off-villarroel_UF.jpg\",\"thumb_url\":\"\",\"title\":\"L'enterrador - UF\",\"description\":\"l'enterrador ultimes funcions\",\"copyright\":\"\",\"order\":9},{\"localizer\":\"V4PORTADAWIDEMOBILE\",\"url\":\"media\/ver\/port\/wide\/mobile\/v4\/316A9\/01_092_00058376\/Portada-mobile-lenterrador-off-villarroel_UF.jpg\",\"thumb_url\":\"\",\"title\":\"L'enterrador - UF\",\"description\":\"l'enterrador ultimes funcions\",\"copyright\":\"\",\"order\":10}]","material__texto_intro":"","data_material":null,"data_gallery":"","data_discounts":"[]","contract_is_open":true,"in_tour":false,"foreign_production":true,"tour_end_date":"00010101000000","data_documents":""},"yoast_head":"<!-- This site is optimized with the Yoast SEO plugin v27.4 - https:\/\/yoast.com\/product\/yoast-seo-wordpress\/ -->\n<title>L&#039;enterrador - Mediterranea Gira<\/title>\n<meta name=\"robots\" content=\"index, follow, max-snippet:-1, max-image-preview:large, max-video-preview:-1\" \/>\n<link rel=\"canonical\" href=\"https:\/\/www.mediterraneagira.com\/es\/ex\/lenterrador-2024-25\/\" \/>\n<meta property=\"og:locale\" content=\"es_ES\" \/>\n<meta property=\"og:type\" content=\"article\" \/>\n<meta property=\"og:title\" content=\"L&#039;enterrador - Mediterranea Gira\" \/>\n<meta property=\"og:url\" content=\"\/ca\/ex\/lenterrador-2024-25\/\" \/>\n<meta property=\"og:site_name\" content=\"Mediterranea Gira\" \/>\n<meta property=\"article:modified_time\" content=\"2026-03-09T09:44:20+00:00\" \/>\n<meta name=\"twitter:card\" content=\"summary_large_image\" \/>\n<script type=\"application\/ld+json\" class=\"yoast-schema-graph\">{\"@context\":\"https:\\\/\\\/schema.org\",\"@graph\":[{\"@type\":\"WebPage\",\"@id\":\"https:\\\/\\\/www.mediterraneagira.com\\\/ca\\\/ex\\\/lenterrador-2024-25\\\/\",\"url\":\"https:\\\/\\\/www.mediterraneagira.com\\\/ca\\\/ex\\\/lenterrador-2024-25\\\/\",\"name\":\"L'enterrador - Mediterranea Gira\",\"isPartOf\":{\"@id\":\"https:\\\/\\\/www.mediterraneagira.com\\\/es\\\/#website\"},\"datePublished\":\"2024-07-17T08:44:20+00:00\",\"dateModified\":\"2026-03-09T09:44:20+00:00\",\"breadcrumb\":{\"@id\":\"https:\\\/\\\/www.mediterraneagira.com\\\/ca\\\/ex\\\/lenterrador-2024-25\\\/#breadcrumb\"},\"inLanguage\":\"es\",\"potentialAction\":[{\"@type\":\"ReadAction\",\"target\":[\"https:\\\/\\\/www.mediterraneagira.com\\\/ca\\\/ex\\\/lenterrador-2024-25\\\/\"]}]},{\"@type\":\"BreadcrumbList\",\"@id\":\"https:\\\/\\\/www.mediterraneagira.com\\\/ca\\\/ex\\\/lenterrador-2024-25\\\/#breadcrumb\",\"itemListElement\":[{\"@type\":\"ListItem\",\"position\":1,\"name\":\"Inicio\",\"item\":\"https:\\\/\\\/www.mediterraneagira.com\\\/es\\\/\"},{\"@type\":\"ListItem\",\"position\":2,\"name\":\"Espectacles\",\"item\":\"https:\\\/\\\/www.mediterraneagira.com\\\/es\\\/ex\\\/\"},{\"@type\":\"ListItem\",\"position\":3,\"name\":\"L&#8217;enterrador\"}]},{\"@type\":\"WebSite\",\"@id\":\"https:\\\/\\\/www.mediterraneagira.com\\\/es\\\/#website\",\"url\":\"https:\\\/\\\/www.mediterraneagira.com\\\/es\\\/\",\"name\":\"Mediterranea Gira\",\"description\":\"Mediterrane Gira\",\"publisher\":{\"@id\":\"https:\\\/\\\/www.mediterraneagira.com\\\/es\\\/#organization\"},\"potentialAction\":[{\"@type\":\"SearchAction\",\"target\":{\"@type\":\"EntryPoint\",\"urlTemplate\":\"https:\\\/\\\/www.mediterraneagira.com\\\/es\\\/?s={search_term_string}\"},\"query-input\":{\"@type\":\"PropertyValueSpecification\",\"valueRequired\":true,\"valueName\":\"search_term_string\"}}],\"inLanguage\":\"es\"},{\"@type\":\"Organization\",\"@id\":\"https:\\\/\\\/www.mediterraneagira.com\\\/es\\\/#organization\",\"name\":\"Mediterranea Gira\",\"url\":\"https:\\\/\\\/www.mediterraneagira.com\\\/es\\\/\",\"logo\":{\"@type\":\"ImageObject\",\"inLanguage\":\"es\",\"@id\":\"https:\\\/\\\/www.mediterraneagira.com\\\/es\\\/#\\\/schema\\\/logo\\\/image\\\/\",\"url\":\"https:\\\/\\\/www.mediterraneagira.com\\\/wp-content\\\/uploads\\\/2022\\\/09\\\/cropped-logo-mediterranea.png\",\"contentUrl\":\"https:\\\/\\\/www.mediterraneagira.com\\\/wp-content\\\/uploads\\\/2022\\\/09\\\/cropped-logo-mediterranea.png\",\"width\":2133,\"height\":250,\"caption\":\"Mediterranea Gira\"},\"image\":{\"@id\":\"https:\\\/\\\/www.mediterraneagira.com\\\/es\\\/#\\\/schema\\\/logo\\\/image\\\/\"}}]}<\/script>\n<!-- \/ Yoast SEO plugin. -->","yoast_head_json":{"title":"L'enterrador - Mediterranea Gira","robots":{"index":"index","follow":"follow","max-snippet":"max-snippet:-1","max-image-preview":"max-image-preview:large","max-video-preview":"max-video-preview:-1"},"canonical":"https:\/\/www.mediterraneagira.com\/es\/ex\/lenterrador-2024-25\/","og_locale":"es_ES","og_type":"article","og_title":"L'enterrador - Mediterranea Gira","og_url":"\/ca\/ex\/lenterrador-2024-25\/","og_site_name":"Mediterranea Gira","article_modified_time":"2026-03-09T09:44:20+00:00","twitter_card":"summary_large_image","schema":{"@context":"https:\/\/schema.org","@graph":[{"@type":"WebPage","@id":"\/ca\/ex\/lenterrador-2024-25\/","url":"\/ca\/ex\/lenterrador-2024-25\/","name":"L'enterrador - Mediterranea Gira","isPartOf":{"@id":"https:\/\/www.mediterraneagira.com\/es\/#website"},"datePublished":"2024-07-17T08:44:20+00:00","dateModified":"2026-03-09T09:44:20+00:00","breadcrumb":{"@id":"\/ca\/ex\/lenterrador-2024-25\/#breadcrumb"},"inLanguage":"es","potentialAction":[{"@type":"ReadAction","target":["\/ca\/ex\/lenterrador-2024-25\/"]}]},{"@type":"BreadcrumbList","@id":"\/ca\/ex\/lenterrador-2024-25\/#breadcrumb","itemListElement":[{"@type":"ListItem","position":1,"name":"Inicio","item":"https:\/\/www.mediterraneagira.com\/es\/"},{"@type":"ListItem","position":2,"name":"Espectacles","item":"https:\/\/www.mediterraneagira.com\/es\/ex\/"},{"@type":"ListItem","position":3,"name":"L&#8217;enterrador"}]},{"@type":"WebSite","@id":"https:\/\/www.mediterraneagira.com\/es\/#website","url":"https:\/\/www.mediterraneagira.com\/es\/","name":"Mediterranea Gira","description":"Mediterrane Gira","publisher":{"@id":"https:\/\/www.mediterraneagira.com\/es\/#organization"},"potentialAction":[{"@type":"SearchAction","target":{"@type":"EntryPoint","urlTemplate":"https:\/\/www.mediterraneagira.com\/es\/?s={search_term_string}"},"query-input":{"@type":"PropertyValueSpecification","valueRequired":true,"valueName":"search_term_string"}}],"inLanguage":"es"},{"@type":"Organization","@id":"https:\/\/www.mediterraneagira.com\/es\/#organization","name":"Mediterranea Gira","url":"https:\/\/www.mediterraneagira.com\/es\/","logo":{"@type":"ImageObject","inLanguage":"es","@id":"https:\/\/www.mediterraneagira.com\/es\/#\/schema\/logo\/image\/","url":"https:\/\/www.mediterraneagira.com\/wp-content\/uploads\/2022\/09\/cropped-logo-mediterranea.png","contentUrl":"https:\/\/www.mediterraneagira.com\/wp-content\/uploads\/2022\/09\/cropped-logo-mediterranea.png","width":2133,"height":250,"caption":"Mediterranea Gira"},"image":{"@id":"https:\/\/www.mediterraneagira.com\/es\/#\/schema\/logo\/image\/"}}]}},"translations":[{"id":5922,"locale":"ca"},{"id":5923,"locale":"es"}],"_links":{"self":[{"href":"https:\/\/www.mediterraneagira.com\/es\/wp-json\/wp\/v2\/ex\/5922","targetHints":{"allow":["GET"]}}],"collection":[{"href":"https:\/\/www.mediterraneagira.com\/es\/wp-json\/wp\/v2\/ex"}],"about":[{"href":"https:\/\/www.mediterraneagira.com\/es\/wp-json\/wp\/v2\/types\/ex"}],"author":[{"embeddable":true,"href":"https:\/\/www.mediterraneagira.com\/es\/wp-json\/wp\/v2\/users\/1"}],"replies":[{"embeddable":true,"href":"https:\/\/www.mediterraneagira.com\/es\/wp-json\/wp\/v2\/comments?post=5922"}],"wp:attachment":[{"href":"https:\/\/www.mediterraneagira.com\/es\/wp-json\/wp\/v2\/media?parent=5922"}],"wp:term":[{"taxonomy":"category","embeddable":true,"href":"https:\/\/www.mediterraneagira.com\/es\/wp-json\/wp\/v2\/categories?post=5922"}],"curies":[{"name":"wp","href":"https:\/\/api.w.org\/{rel}","templated":true}]}}